{"id":692,"date":"2024-06-17T15:35:21","date_gmt":"2024-06-17T15:35:21","guid":{"rendered":"https:\/\/roger-gil.fr\/?page_id=692"},"modified":"2025-03-09T22:18:55","modified_gmt":"2025-03-09T22:18:55","slug":"documents-audio-et-video","status":"publish","type":"page","link":"https:\/\/roger-gil.fr\/?page_id=692","title":{"rendered":"Documents audio et Vid\u00e9o"},"content":{"rendered":"\t\t<div data-elementor-type=\"wp-page\" data-elementor-id=\"692\" class=\"elementor elementor-692\">\n\t\t\t\t<div class=\"elementor-element elementor-element-81e24e3 e-flex e-con-boxed e-con e-parent\" data-id=\"81e24e3\" data-element_type=\"container\" data-e-type=\"container\">\n\t\t\t\t\t<div class=\"e-con-inner\">\n\t\t\t\t<div class=\"elementor-element elementor-element-bd009b9 elementor-widget elementor-widget-text-editor\" data-id=\"bd009b9\" data-element_type=\"widget\" data-e-type=\"widget\" data-widget_type=\"text-editor.default\">\n\t\t\t\t<div class=\"elementor-widget-container\">\n\t\t\t\t\t\t\t\t\t<p><strong>Consulter aussi les onglets <\/strong><\/p><p><strong><a href=\"https:\/\/roger-gil.fr\/?page_id=655\">Conf\u00e9rences<\/a><\/strong><\/p><p><a href=\"https:\/\/roger-gil.fr\/?page_id=661\" target=\"_blank\" rel=\"noopener\"><strong>Accueil <\/strong><\/a>Colonne de gauche Etiquettes Chronique radio<\/p>\t\t\t\t\t\t\t\t<\/div>\n\t\t\t\t<\/div>\n\t\t\t\t\t<\/div>\n\t\t\t\t<\/div>\n\t\t<div class=\"elementor-element elementor-element-cf5dd6b e-flex e-con-boxed e-con e-parent\" data-id=\"cf5dd6b\" data-element_type=\"container\" data-e-type=\"container\">\n\t\t\t\t\t<div class=\"e-con-inner\">\n\t\t\t\t<div class=\"elementor-element elementor-element-7429fa8 elementor-widget elementor-widget-heading\" data-id=\"7429fa8\" data-element_type=\"widget\" data-e-type=\"widget\" data-widget_type=\"heading.default\">\n\t\t\t\t<div class=\"elementor-widget-container\">\n\t\t\t\t\t<h4 class=\"elementor-heading-title elementor-size-default\">La bio\u00e9thique: une moDe ou une n\u00e9cessit\u00e9?<\/h4>\t\t\t\t<\/div>\n\t\t\t\t<\/div>\n\t\t\t\t\t<\/div>\n\t\t\t\t<\/div>\n\t\t<div class=\"elementor-element elementor-element-8212987 e-flex e-con-boxed e-con e-parent\" data-id=\"8212987\" data-element_type=\"container\" data-e-type=\"container\">\n\t\t\t\t\t<div class=\"e-con-inner\">\n\t\t\t\t<div class=\"elementor-element elementor-element-a7bccca elementor-widget elementor-widget-text-editor\" data-id=\"a7bccca\" data-element_type=\"widget\" data-e-type=\"widget\" data-widget_type=\"text-editor.default\">\n\t\t\t\t<div class=\"elementor-widget-container\">\n\t\t\t\t\t\t\t\t\t<p><strong>Les amphis du savoir 2013. Universit\u00e9 de Poitiers. 12\/02\/2013. UPtv.<\/strong><\/p><p>La bio\u00e9thique peut \u00eatre d\u00e9finie comme l&rsquo;\u00e9thique des sciences de la vie et de la sant\u00e9. Elle regroupe donc l&rsquo;\u00e9thique de la pratique des soins et l&rsquo;\u00e9thique de la recherche m\u00e9dicale. Mais pourquoi avoir pr\u00e9f\u00e9r\u00e9 le mot \u00ab\u00a0\u00e9thique\u00a0\u00bb au mot \u00ab\u00a0morale\u00a0\u00bb\u00a0? Qu&rsquo;est-ce qui distingue ou rassemble la loi, la morale, l&rsquo;\u00e9thique\u00a0?<\/p><p>Pour visionner la conf\u00e9rence, cliquer sur <strong><em><a href=\"https:\/\/uptv.univ-poitiers.fr\/program\/les-amphis-du-savoir-2013\/video\/3536\/la-bioethique-une-mode-ou-une-necessite\/index.html\" target=\"_blank\" rel=\"noopener\">La bio\u00e9thique: mode ou n\u00e9cessit\u00e9<\/a>.<\/em><\/strong><\/p><p>Le concept de bio\u00e9thique est ici d\u00e9velopp\u00e9 dans son sens restreint d&rsquo;\u00e9thique biom\u00e9dicale (\u00e9thique des sciences de la vie et de la sant\u00e9). Mais le concept d&rsquo;\u00e9thique, conform\u00e9ment \u00e0 ses origines, concerne de mani\u00e8re int\u00e9grative l&rsquo;\u00e9thique du<em> bios,\u00a0<\/em>donc de la vie humaine, animale, v\u00e9g\u00e9tale, cosmique, solidairement li\u00e9es, ce qui rejoint le concept d&rsquo;<em><strong>une seule sant\u00e9<\/strong><\/em> (<em><strong>One health).\u00a0<\/strong><\/em>Voir le billet \u00e9thique du 19 juillet 2024 en cliquant sur le lien suivant <a href=\"https:\/\/roger-gil.fr\/?p=1075\"><em><strong>Ethique environnementale<\/strong><\/em><\/a>.<\/p><p><strong><em>\u00a0<\/em><\/strong><\/p>\t\t\t\t\t\t\t\t<\/div>\n\t\t\t\t<\/div>\n\t\t\t\t<div class=\"elementor-element elementor-element-c84ee39 elementor-widget-divider--view-line elementor-widget elementor-widget-divider\" data-id=\"c84ee39\" data-element_type=\"widget\" data-e-type=\"widget\" data-widget_type=\"divider.default\">\n\t\t\t\t<div class=\"elementor-widget-container\">\n\t\t\t\t\t\t\t<div class=\"elementor-divider\">\n\t\t\t<span class=\"elementor-divider-separator\">\n\t\t\t\t\t\t<\/span>\n\t\t<\/div>\n\t\t\t\t\t\t<\/div>\n\t\t\t\t<\/div>\n\t\t\t\t\t<\/div>\n\t\t\t\t<\/div>\n\t\t\t\t<\/div>\n\t\t","protected":false},"excerpt":{"rendered":"<p>Consulter aussi les onglets Conf\u00e9rences Accueil Colonne de gauche Etiquettes Chronique radio La bio\u00e9thique: une moDe ou une n\u00e9cessit\u00e9? Les amphis du savoir 2013. Universit\u00e9 de Poitiers. 12\/02\/2013. UPtv. La bio\u00e9thique peut \u00eatre d\u00e9finie comme l&rsquo;\u00e9thique des sciences de la vie et de la sant\u00e9. Elle regroupe donc l&rsquo;\u00e9thique de la pratique des soins et&hellip; <span class=\"kuorinka-read-more\"><a href=\"https:\/\/roger-gil.fr\/?page_id=692\" class=\"more-link\">Lire la suite <span class=\"screen-reader-text\">Documents audio et Vid\u00e9o<\/span><\/a><\/span><\/p>\n","protected":false},"author":3,"featured_media":0,"parent":0,"menu_order":0,"comment_status":"closed","ping_status":"closed","template":"","meta":{"_crdt_document":"","footnotes":""},"class_list":{"0":"post-692","1":"page","2":"type-page","3":"status-publish","5":"entry"},"yoast_head":"<!-- This site is optimized with the Yoast SEO plugin v25.9 - https:\/\/yoast.com\/wordpress\/plugins\/seo\/ -->\n<title>Documents audio et Vid\u00e9o - Neuropsychologie, Bio\u00e9thique, Spiritualit\u00e9<\/title>\n<meta name=\"robots\" content=\"index, follow, max-snippet:-1, max-image-preview:large, max-video-preview:-1\" \/>\n<link rel=\"canonical\" href=\"https:\/\/roger-gil.fr\/?page_id=692\" \/>\n<meta property=\"og:locale\" content=\"fr_FR\" \/>\n<meta property=\"og:type\" content=\"article\" \/>\n<meta property=\"og:title\" content=\"Documents audio et Vid\u00e9o - Neuropsychologie, Bio\u00e9thique, Spiritualit\u00e9\" \/>\n<meta property=\"og:description\" content=\"Consulter aussi les onglets Conf\u00e9rences Accueil Colonne de gauche Etiquettes Chronique radio La bio\u00e9thique: une moDe ou une n\u00e9cessit\u00e9? Les amphis du savoir 2013. Universit\u00e9 de Poitiers. 12\/02\/2013. UPtv. La bio\u00e9thique peut \u00eatre d\u00e9finie comme l&rsquo;\u00e9thique des sciences de la vie et de la sant\u00e9. Elle regroupe donc l&rsquo;\u00e9thique de la pratique des soins et&hellip; Lire la suite Documents audio et Vid\u00e9o\" \/>\n<meta property=\"og:url\" content=\"https:\/\/roger-gil.fr\/?page_id=692\" \/>\n<meta property=\"og:site_name\" content=\"Neuropsychologie, Bio\u00e9thique, Spiritualit\u00e9\" \/>\n<meta property=\"article:modified_time\" content=\"2025-03-09T22:18:55+00:00\" \/>\n<meta name=\"twitter:card\" content=\"summary_large_image\" \/>\n<meta name=\"twitter:label1\" content=\"Dur\u00e9e de lecture estim\u00e9e\" \/>\n\t<meta name=\"twitter:data1\" content=\"1 minute\" \/>\n<script type=\"application\/ld+json\" class=\"yoast-schema-graph\">{\"@context\":\"https:\/\/schema.org\",\"@graph\":[{\"@type\":\"WebPage\",\"@id\":\"https:\/\/roger-gil.fr\/?page_id=692\",\"url\":\"https:\/\/roger-gil.fr\/?page_id=692\",\"name\":\"Documents audio et Vid\u00e9o - Neuropsychologie, Bio\u00e9thique, Spiritualit\u00e9\",\"isPartOf\":{\"@id\":\"https:\/\/roger-gil.fr\/#website\"},\"datePublished\":\"2024-06-17T15:35:21+00:00\",\"dateModified\":\"2025-03-09T22:18:55+00:00\",\"breadcrumb\":{\"@id\":\"https:\/\/roger-gil.fr\/?page_id=692#breadcrumb\"},\"inLanguage\":\"fr-FR\",\"potentialAction\":[{\"@type\":\"ReadAction\",\"target\":[\"https:\/\/roger-gil.fr\/?page_id=692\"]}]},{\"@type\":\"BreadcrumbList\",\"@id\":\"https:\/\/roger-gil.fr\/?page_id=692#breadcrumb\",\"itemListElement\":[{\"@type\":\"ListItem\",\"position\":1,\"name\":\"Accueil\",\"item\":\"https:\/\/roger-gil.fr\/\"},{\"@type\":\"ListItem\",\"position\":2,\"name\":\"Documents audio et Vid\u00e9o\"}]},{\"@type\":\"WebSite\",\"@id\":\"https:\/\/roger-gil.fr\/#website\",\"url\":\"https:\/\/roger-gil.fr\/\",\"name\":\"Neuropsychologie, Bio\u00e9thique, Spiritualit\u00e9\",\"description\":\"Roger Gil : Professeur \u00e9m\u00e9rite de neurologie, doyen honoraire de la Facult\u00e9 de m\u00e9decine pharmacie de l&#039;Universit\u00e9 de Poitiers\",\"publisher\":{\"@id\":\"https:\/\/roger-gil.fr\/#\/schema\/person\/ec69375883cbc8e97a44857780352afb\"},\"potentialAction\":[{\"@type\":\"SearchAction\",\"target\":{\"@type\":\"EntryPoint\",\"urlTemplate\":\"https:\/\/roger-gil.fr\/?s={search_term_string}\"},\"query-input\":{\"@type\":\"PropertyValueSpecification\",\"valueRequired\":true,\"valueName\":\"search_term_string\"}}],\"inLanguage\":\"fr-FR\"},{\"@type\":[\"Person\",\"Organization\"],\"@id\":\"https:\/\/roger-gil.fr\/#\/schema\/person\/ec69375883cbc8e97a44857780352afb\",\"name\":\"Roger Gil\",\"image\":{\"@type\":\"ImageObject\",\"inLanguage\":\"fr-FR\",\"@id\":\"https:\/\/roger-gil.fr\/#\/schema\/person\/image\/\",\"url\":\"https:\/\/roger-gil.fr\/wp-content\/uploads\/2025\/08\/ROGER-GIL.webp\",\"contentUrl\":\"https:\/\/roger-gil.fr\/wp-content\/uploads\/2025\/08\/ROGER-GIL.webp\",\"width\":1024,\"height\":1254,\"caption\":\"Roger Gil\"},\"logo\":{\"@id\":\"https:\/\/roger-gil.fr\/#\/schema\/person\/image\/\"}}]}<\/script>\n<!-- \/ Yoast SEO plugin. -->","yoast_head_json":{"title":"Documents audio et Vid\u00e9o - Neuropsychologie, Bio\u00e9thique, Spiritualit\u00e9","robots":{"index":"index","follow":"follow","max-snippet":"max-snippet:-1","max-image-preview":"max-image-preview:large","max-video-preview":"max-video-preview:-1"},"canonical":"https:\/\/roger-gil.fr\/?page_id=692","og_locale":"fr_FR","og_type":"article","og_title":"Documents audio et Vid\u00e9o - Neuropsychologie, Bio\u00e9thique, Spiritualit\u00e9","og_description":"Consulter aussi les onglets Conf\u00e9rences Accueil Colonne de gauche Etiquettes Chronique radio La bio\u00e9thique: une moDe ou une n\u00e9cessit\u00e9? Les amphis du savoir 2013. Universit\u00e9 de Poitiers. 12\/02\/2013. UPtv. La bio\u00e9thique peut \u00eatre d\u00e9finie comme l&rsquo;\u00e9thique des sciences de la vie et de la sant\u00e9. Elle regroupe donc l&rsquo;\u00e9thique de la pratique des soins et&hellip; Lire la suite Documents audio et Vid\u00e9o","og_url":"https:\/\/roger-gil.fr\/?page_id=692","og_site_name":"Neuropsychologie, Bio\u00e9thique, Spiritualit\u00e9","article_modified_time":"2025-03-09T22:18:55+00:00","twitter_card":"summary_large_image","twitter_misc":{"Dur\u00e9e de lecture estim\u00e9e":"1 minute"},"schema":{"@context":"https:\/\/schema.org","@graph":[{"@type":"WebPage","@id":"https:\/\/roger-gil.fr\/?page_id=692","url":"https:\/\/roger-gil.fr\/?page_id=692","name":"Documents audio et Vid\u00e9o - Neuropsychologie, Bio\u00e9thique, Spiritualit\u00e9","isPartOf":{"@id":"https:\/\/roger-gil.fr\/#website"},"datePublished":"2024-06-17T15:35:21+00:00","dateModified":"2025-03-09T22:18:55+00:00","breadcrumb":{"@id":"https:\/\/roger-gil.fr\/?page_id=692#breadcrumb"},"inLanguage":"fr-FR","potentialAction":[{"@type":"ReadAction","target":["https:\/\/roger-gil.fr\/?page_id=692"]}]},{"@type":"BreadcrumbList","@id":"https:\/\/roger-gil.fr\/?page_id=692#breadcrumb","itemListElement":[{"@type":"ListItem","position":1,"name":"Accueil","item":"https:\/\/roger-gil.fr\/"},{"@type":"ListItem","position":2,"name":"Documents audio et Vid\u00e9o"}]},{"@type":"WebSite","@id":"https:\/\/roger-gil.fr\/#website","url":"https:\/\/roger-gil.fr\/","name":"Neuropsychologie, Bio\u00e9thique, Spiritualit\u00e9","description":"Roger Gil : Professeur \u00e9m\u00e9rite de neurologie, doyen honoraire de la Facult\u00e9 de m\u00e9decine pharmacie de l&#039;Universit\u00e9 de Poitiers","publisher":{"@id":"https:\/\/roger-gil.fr\/#\/schema\/person\/ec69375883cbc8e97a44857780352afb"},"potentialAction":[{"@type":"SearchAction","target":{"@type":"EntryPoint","urlTemplate":"https:\/\/roger-gil.fr\/?s={search_term_string}"},"query-input":{"@type":"PropertyValueSpecification","valueRequired":true,"valueName":"search_term_string"}}],"inLanguage":"fr-FR"},{"@type":["Person","Organization"],"@id":"https:\/\/roger-gil.fr\/#\/schema\/person\/ec69375883cbc8e97a44857780352afb","name":"Roger Gil","image":{"@type":"ImageObject","inLanguage":"fr-FR","@id":"https:\/\/roger-gil.fr\/#\/schema\/person\/image\/","url":"https:\/\/roger-gil.fr\/wp-content\/uploads\/2025\/08\/ROGER-GIL.webp","contentUrl":"https:\/\/roger-gil.fr\/wp-content\/uploads\/2025\/08\/ROGER-GIL.webp","width":1024,"height":1254,"caption":"Roger Gil"},"logo":{"@id":"https:\/\/roger-gil.fr\/#\/schema\/person\/image\/"}}]}},"_links":{"self":[{"href":"https:\/\/roger-gil.fr\/index.php?rest_route=\/wp\/v2\/pages\/692","targetHints":{"allow":["GET"]}}],"collection":[{"href":"https:\/\/roger-gil.fr\/index.php?rest_route=\/wp\/v2\/pages"}],"about":[{"href":"https:\/\/roger-gil.fr\/index.php?rest_route=\/wp\/v2\/types\/page"}],"author":[{"embeddable":true,"href":"https:\/\/roger-gil.fr\/index.php?rest_route=\/wp\/v2\/users\/3"}],"replies":[{"embeddable":true,"href":"https:\/\/roger-gil.fr\/index.php?rest_route=%2Fwp%2Fv2%2Fcomments&post=692"}],"version-history":[{"count":19,"href":"https:\/\/roger-gil.fr\/index.php?rest_route=\/wp\/v2\/pages\/692\/revisions"}],"predecessor-version":[{"id":1733,"href":"https:\/\/roger-gil.fr\/index.php?rest_route=\/wp\/v2\/pages\/692\/revisions\/1733"}],"wp:attachment":[{"href":"https:\/\/roger-gil.fr\/index.php?rest_route=%2Fwp%2Fv2%2Fmedia&parent=692"}],"curies":[{"name":"wp","href":"https:\/\/api.w.org\/{rel}","templated":true}]}}