{"id":652,"date":"2024-06-14T17:40:28","date_gmt":"2024-06-14T17:40:28","guid":{"rendered":"https:\/\/roger-gil.fr\/?p=652"},"modified":"2024-12-18T21:15:31","modified_gmt":"2024-12-18T21:15:31","slug":"ouvrages","status":"publish","type":"page","link":"https:\/\/roger-gil.fr\/?page_id=652","title":{"rendered":"Ouvrages"},"content":{"rendered":"\t\t<div data-elementor-type=\"wp-page\" data-elementor-id=\"652\" class=\"elementor elementor-652\">\n\t\t\t\t<div class=\"elementor-element elementor-element-7a41599 e-flex e-con-boxed e-con e-parent\" data-id=\"7a41599\" data-element_type=\"container\" data-e-type=\"container\">\n\t\t\t\t\t<div class=\"e-con-inner\">\n\t\t\t\t<div class=\"elementor-element elementor-element-82a9607 elementor-widget elementor-widget-heading\" data-id=\"82a9607\" data-element_type=\"widget\" data-e-type=\"widget\" data-widget_type=\"heading.default\">\n\t\t\t\t<div class=\"elementor-widget-container\">\n\t\t\t\t\t<h4 class=\"elementor-heading-title elementor-size-default\">Ouvrages<\/h4>\t\t\t\t<\/div>\n\t\t\t\t<\/div>\n\t\t\t\t\t<\/div>\n\t\t\t\t<\/div>\n\t\t<div class=\"elementor-element elementor-element-8b0aece e-flex e-con-boxed e-con e-parent\" data-id=\"8b0aece\" data-element_type=\"container\" data-e-type=\"container\">\n\t\t\t\t\t<div class=\"e-con-inner\">\n\t\t\t\t<div class=\"elementor-element elementor-element-686496c elementor-widget elementor-widget-text-editor\" data-id=\"686496c\" data-element_type=\"widget\" data-e-type=\"widget\" data-widget_type=\"text-editor.default\">\n\t\t\t\t<div class=\"elementor-widget-container\">\n\t\t\t\t\t\t\t\t\t<ul><li><em>Vieillissement et Alzheimer. Comprendre pour accompagner. <\/em>l\u2019Harmattan, Paris, (2012).<\/li><\/ul><ul><li><em>Neurologie pour le praticien<\/em>. Simep, Paris (1989).<\/li><\/ul><ul><li><em>R\u00e9\u00e9ducation des troubles de l\u2019\u00e9quilibre <\/em>(avec R. Gouarn\u00e9, C. Kremer-M\u00e9r\u00e8re, P. Morizio), Frison-Roche, Paris (1991)<\/li><\/ul><ul><li><em><strong>Neuropsychologie. Collection des Abr\u00e9g\u00e9s de m\u00e9decine<\/strong>.\u00a0 <\/em>Masson-Elsevier, Paris (1996, 2000, 2003, 2006, 2010, 2014, 2018).\u00a0<\/li><\/ul><p><em><strong>\u00a0 \u00a0 \u00a0Pour en savoir plus, cliquer sur les liens suivants: <a href=\"https:\/\/www.elsevier.com\/fr-fr\/connect\/interview-du-professeur-roger-gil-auteur-de-neuropsychologie\" target=\"_blank\" rel=\"noopener\">Neuropsychologie 7\u00b0 \u00e9dition interview de l&rsquo;auteur sur le site des \u00e9ditions Elsevier<\/a><\/strong><\/em><\/p><ul><li><em><strong>Neuropsychologie. Huiti\u00e8me \u00e9dition. Elsevier-Masson, Issy-les Moulineaux-France, 2024. Cliquer sur le lien: <a href=\"https:\/\/www.elsevier-masson.fr\/neuropsychologie-9782294785702.html\" target=\"_blank\" rel=\"noopener\">Neuropsychologie 8\u00b0 \u00e9d<\/a>.<br \/><br \/><\/strong><\/em><\/li><li><em>Les potentiels \u00e9voqu\u00e9s en neurologie et en neuropsychologie. <\/em>Masson, Paris (1997)<br \/><br \/><\/li><li><em>L\u2019Ecole de m\u00e9decine et de pharmacie de Poitiers\u00a0: de 1806 \u00e0 la renaissance de la Facult\u00e9 (1968). <\/em>Editions de l\u2019Universit\u00e9 de Poitiers, Facult\u00e9 de m\u00e9decine et de pharmacie (2008<em>).<\/em><\/li><\/ul><ul><li><strong><em>Les grandes questions de bio\u00e9thique, au XXI\u00b0 si\u00e8cle, dans le d\u00e9bat public. <\/em><\/strong>LEH \u00e9dition, Bordeaux (2018)<\/li><\/ul><p><strong><em>Pour en savoir plus, cliquer sur les liens suivants <a href=\"https:\/\/www.leh.fr\/edition\/p\/les-grandes-questions-de-bioethique-9782848747675\" target=\"_blank\" rel=\"noopener\">Les grandes questions de bio\u00e9thique descriptif<\/a>\u00a0<\/em><\/strong><\/p><ul><li><strong>Avec Nicole Poirier\u00a0: <em>Alzheimer\u00a0: de carpe diem \u00e0 la neuropsychologie<\/em>.<\/strong> Er\u00e8s, Toulouse (2018)<\/li><\/ul><p><em><strong>Pour en savoir plus cliquer sur les liens suivants <a href=\"https:\/\/www.youtube.com\/watch?v=-69m63uHjM4&amp;t=4s\" target=\"_blank\" rel=\"noopener\">Interview de Nicole Poirier, co-autrice<\/a><br \/>\u00a0 \u00a0 <a href=\"https:\/\/www.editions-eres.com\/ouvrage\/4285\/alzheimer-de-carpe-diem-a-la-neuropsychologie\" target=\"_blank\" rel=\"noopener\">Alzheimer, Carpe diem, neuropsychologie: descriptif<\/a><\/strong><\/em><\/p><ul><li><em>Hilaire de Poitiers et l\u2019humanit\u00e9 souffrante du Christ. <\/em>L\u2019Harmattan, Paris (2020).<\/li><\/ul><ul><li><em>Covid-19 : une \u00e9thique sous tension. Entre sant\u00e9 publique et souffrances humaines. <\/em>LEH \u00e9ditions, Bordeaux, 2021<\/li><\/ul><ul><li>Avec Michel Wager, <em>Trait\u00e9 pratique de Neuropsychologie clinique de l\u2019adulte.<br \/><\/em>Elsevier-Masson, Paris, 2021<\/li><\/ul><ul><li>Avec Robert Franchineau. <em>Le cerveau gastronome. R\u00e9cit d\u2019une rencontre entre un neurologue et un chef \u00e9toil\u00e9<\/em>. L\u2019Harmattan, Paris, 2022<\/li><\/ul><p><strong><em>Pour en savoir plus, cliquer sur les liens suivants <a href=\"https:\/\/www.editions-harmattan.fr\/livre-le_cerveau_gastronome_recit_d_une_rencontre_entre_un_neurologue_et_un_chef_etoile_roger_gil_robert_franchineau-9782140306273-75116.html\" target=\"_blank\" rel=\"noopener\">Le cerveau gastronome: descriptif<br \/><\/a><\/em><\/strong>\u00a0 \u00a0 <a href=\"https:\/\/www.linkedin.com\/posts\/roger-gil-562a1472_vous-trouverez-ci-dessous-un-lien-vers-le-activity-7159544719847419904-9eif\/?originalSubdomain=fr\" target=\"_blank\" rel=\"noopener\"><em><strong>Gourmand Awards 2023, class\u00e9 1st of the world, Cat\u00e9gorie Sant\u00e9 et nutrition<\/strong><\/em><\/a><br \/>\u00a0 \u00a0\u00a0<a href=\"https:\/\/roger-gil.fr\/?p=1002\" target=\"_blank\" rel=\"noopener\"><em><strong>Billet \u00e9thique Le cerveau gastronome<\/strong><\/em><\/a><\/p><ul><li><em>Dis, Tu reviendras ? Red\u00e9couvrir le sens de la visite aux proches \u00e2g\u00e9s. <\/em>ERES \u00e9ditions\u00a0; Toulouse\u00a0; 2023.<\/li><\/ul><ul><li><em>Ethique et pand\u00e9mie. Panser les souffrances pour penser l\u2019avenir. <\/em>LEH \u00e9ditions, Bordeaux, 2023.<\/li><\/ul><p><em>\u00a0<\/em><\/p>\t\t\t\t\t\t\t\t<\/div>\n\t\t\t\t<\/div>\n\t\t\t\t\t<\/div>\n\t\t\t\t<\/div>\n\t\t<div class=\"elementor-element elementor-element-2c12fb0 e-flex e-con-boxed e-con e-parent\" data-id=\"2c12fb0\" data-element_type=\"container\" data-e-type=\"container\">\n\t\t\t\t\t<div class=\"e-con-inner\">\n\t\t\t\t<div class=\"elementor-element elementor-element-5d8d2a8 elementor-widget-divider--view-line elementor-widget elementor-widget-divider\" data-id=\"5d8d2a8\" data-element_type=\"widget\" data-e-type=\"widget\" data-widget_type=\"divider.default\">\n\t\t\t\t<div class=\"elementor-widget-container\">\n\t\t\t\t\t\t\t<div class=\"elementor-divider\">\n\t\t\t<span class=\"elementor-divider-separator\">\n\t\t\t\t\t\t<\/span>\n\t\t<\/div>\n\t\t\t\t\t\t<\/div>\n\t\t\t\t<\/div>\n\t\t\t\t\t<\/div>\n\t\t\t\t<\/div>\n\t\t<div class=\"elementor-element elementor-element-f33aa90 e-flex e-con-boxed e-con e-parent\" data-id=\"f33aa90\" data-element_type=\"container\" data-e-type=\"container\">\n\t\t\t\t\t<div class=\"e-con-inner\">\n\t\t\t\t<div class=\"elementor-element elementor-element-595bade elementor-widget elementor-widget-heading\" data-id=\"595bade\" data-element_type=\"widget\" data-e-type=\"widget\" data-widget_type=\"heading.default\">\n\t\t\t\t<div class=\"elementor-widget-container\">\n\t\t\t\t\t<h4 class=\"elementor-heading-title elementor-size-default\">Chapitres d'ouvrages<\/h4>\t\t\t\t<\/div>\n\t\t\t\t<\/div>\n\t\t\t\t\t<\/div>\n\t\t\t\t<\/div>\n\t\t<div class=\"elementor-element elementor-element-b0e5ae3 e-flex e-con-boxed e-con e-parent\" data-id=\"b0e5ae3\" data-element_type=\"container\" data-e-type=\"container\">\n\t\t\t\t\t<div class=\"e-con-inner\">\n\t\t\t\t<div class=\"elementor-element elementor-element-df104e6 elementor-widget elementor-widget-text-editor\" data-id=\"df104e6\" data-element_type=\"widget\" data-e-type=\"widget\" data-widget_type=\"text-editor.default\">\n\t\t\t\t<div class=\"elementor-widget-container\">\n\t\t\t\t\t\t\t\t\t<ul>\n<li><em>Les potentiels \u00e9voqu\u00e9s en neurologie et en neuropsychologie<\/em>. Congr\u00e8s de psychiatrie et e neurologie de langue fran\u00e7aise\u00a0; Masson, Paris (1997).<\/li>\n<li><em>Brief cognitive examination (BEC): a french standardized method for quick bedside assessment of cognitive performance. Application to senile dementia of the Alzheimer type. <\/em>Gil, G. Toullat, L. Boissonnot, J.P. Neau, in Senile Dementias : early detection. Number I, Current Problems in senile dementias, edited by A. BES et al. John Libbey Eurotext London-Paris (1986).<\/li>\n<li><em>Strat\u00e9gies th\u00e9rapeutiques. Troubles d\u00e9mentiels, in\u201c\u00a0Th\u00e9rapeutique Psychiatrique\u00a0\u201d\u00a0; <\/em>L. Senon, D. Sechter, D. Rochard, Hermann \u00c9diteurs, Paris (1995).<\/li>\n<li><em>La maladie d\u2019Alzheimer\u00a0: d\u00e9labrement identitaire de la personne humaine, <\/em>avec Ornon, E-M. Arroyo-Anllo, V. Bonnaud, in Colloque Identit\u00e9s, PUF Rennes (2004).<\/li>\n<li><em>Introduction historique \u00e0 la neuropsychologie clinique et \u00e0 la neurologie du comportement, in \u00ab\u00a0Neuropsychologie clinique et neuropsychologie du comportement; <\/em>sous la direction de Th. Botez-Marquard et F. Boller, Les Presses de l&rsquo;Universit\u00e9 de Montr\u00e9al (2005).<\/li>\n<li><em>Les fonctions instinctuelles, in Trait\u00e9 de Neuropsychologie clinique, Neurosciences cognitives et cliniques de l\u2019adulte\u00a0<\/em>; B. Lechevalier, F. Eustache et F.\u00a0 Viader, de Boeck, Bruxelles (2008).<\/li>\n<li><em>M\u00e9moire et m\u00e9moires, garantes de l\u2019identit\u00e9 humaine, in Alzheimer, \u00e9thique et soci\u00e9t\u00e9\u00a0; <\/em>ouvrage collectif coordonn\u00e9 par E. Hirsch et\u00a0 Gzil, Er\u00e8s\u00a0; Toulouse (2012).<\/li>\n<li><em>La conscience morale\u00a0: \u00e9motion ou raison\u00a0; <\/em>in Cognition sociale et neuropsychologie, P. Allain, G. Aubin, D. Le Gall (dir.)\u00a0; Marseille, Solal, 2012, 325-342.<\/li>\n<li><em>Conscience de Soi et Self dans la Maladie d\u2019Alzheimer.<br \/><\/em> Gil, M. N Fargeau, N. Jaafari, in Trait\u00e9 sur la maladie d\u2019Alzheimer\u00a0; sous la direction de B. Vellas et P. Robert, Springer, Paris, 2012.<\/li>\n<li><em>Handicaps de conscience (comas, maladie d\u2019Alzheimer) et personne humaine. R\u00e9flexions neuro-philosophiques\u00a0; in <\/em>M\u00e9langes en l\u2019honneur de Jean-Henri Soutoul, LEH \u00e9ditions\u00a0; Bordeaux\u00a0; 2013<\/li>\n<li><em>Pourquoi s\u2019int\u00e9resser \u00e0 la m\u00e9decine de la personne\u00a0? Arguments philosophiques et politiques\u00a0; in D\u00e9couvrir la m\u00e9decine de la personne, Regards crois\u00e9s\u00a0; <\/em>coordinateur S-D Kipman, Doin, Paris (2015).<\/li>\n<li><em>Ethique et sciences de la vie. Entre loi et conscience\u00a0: \u00e0 la recherche de valeurs partag\u00e9es, in <\/em>M\u00e9langes en l\u2019honneur de G\u00e9rard M\u00e9meteau, sous la direction de Bruno Py, Fran\u00e7ois Vialla, Julie L\u00e9onhard, LEH \u00e9ditions, Bordeaux, 2015\u00a0; volume 1\u00a0: 93-104<\/li>\n<li><em>Self-Consciousness deficits in dementia<\/em>; <em>Arroyo-Anll\u00f3, EM. &amp; R. Gil, in <\/em>Colin R. Martin and Victor R. Preedy, The Neuroscience of Dementia: Generic, Neurology, Behavior, and Diet. San Diego (USA): Elsevier 2020<\/li>\n<li><em>Quelle place pour l\u2019\u00e9thique en contexte pand\u00e9mique? in Covid-19\u00a0; Reconstruire le social, l\u2019humain et l\u2019\u00e9conomique\u00a0; <\/em>Tome 2, coordonn\u00e9 par Christian Byk\u00a0; MA \u00e9ditions\u00a0; Paris\u00a0; 2020, p. 17-27.<\/li>\n<li><em>Confinement et isolement en Ehpad, ou les enjeux \u00e9thiques du d\u00e9litement s\u00e9curitaire des liens sociaux\u00a0; <\/em>Tome 2, coordonn\u00e9 par Christian Byk\u00a0; MA \u00e9ditions\u00a0; Paris, 2020, p. 107-119<\/li>\n<li><em>La silver \u00e9conomie et ses enjeux \u00e9thiques, in <\/em>Manifeste du prendre soin \u00e0 domicile, No\u00ebl-Jean Mazen et David Sadigh, \u00e9ds\u00a0; LEH \u00e9ditions\u00a0; Bordeaux, 2021.<\/li>\n<li><em>Arroyo-Anll\u00f3, E, &amp; Gil, R. (2021). La enfermedad de Alzheimer. En <\/em>Rodriguez, Arango, Sepulveda. Envejecimiento y las demencias. (p. 97-114) Editorial Manual Moderno. Mexico\u00a0DF.<\/li>\n<li><em>M\u00e9decine r\u00e9volutionnaire et fin de vie de Mirabeau, in <\/em>La Mort, M Faure-Abbad et al. eds\u00a0; Presses Universitaires juridiques de Poitiers (2022) ; p. 207-218.<\/li>\n<li><em>Des papilles au cerveau gastronome in Les 101 mots du chocolat.<\/em>Collectif sous la direction d\u2019Anne et Caroline Debbash\u00a0; Collection 101 mots\u00a0; Archibooks \u00e9diteur, Paris 2023.<\/li>\n<\/ul>\n<p>\u00a0<\/p>\t\t\t\t\t\t\t\t<\/div>\n\t\t\t\t<\/div>\n\t\t\t\t<div class=\"elementor-element elementor-element-b222bdb elementor-widget-divider--view-line elementor-widget elementor-widget-divider\" data-id=\"b222bdb\" data-element_type=\"widget\" data-e-type=\"widget\" data-widget_type=\"divider.default\">\n\t\t\t\t<div class=\"elementor-widget-container\">\n\t\t\t\t\t\t\t<div class=\"elementor-divider\">\n\t\t\t<span class=\"elementor-divider-separator\">\n\t\t\t\t\t\t<\/span>\n\t\t<\/div>\n\t\t\t\t\t\t<\/div>\n\t\t\t\t<\/div>\n\t\t\t\t\t<\/div>\n\t\t\t\t<\/div>\n\t\t<div class=\"elementor-element elementor-element-d13ed97 e-flex e-con-boxed e-con e-parent\" data-id=\"d13ed97\" data-element_type=\"container\" data-e-type=\"container\">\n\t\t\t\t\t<div class=\"e-con-inner\">\n\t\t\t\t<div class=\"elementor-element elementor-element-68e2e61 elementor-widget elementor-widget-heading\" data-id=\"68e2e61\" data-element_type=\"widget\" data-e-type=\"widget\" data-widget_type=\"heading.default\">\n\t\t\t\t<div class=\"elementor-widget-container\">\n\t\t\t\t\t<h4 class=\"elementor-heading-title elementor-size-default\">Pr\u00e9faces et postfaces<\/h4>\t\t\t\t<\/div>\n\t\t\t\t<\/div>\n\t\t\t\t\t<\/div>\n\t\t\t\t<\/div>\n\t\t<div class=\"elementor-element elementor-element-d247f6d e-flex e-con-boxed e-con e-parent\" data-id=\"d247f6d\" data-element_type=\"container\" data-e-type=\"container\">\n\t\t\t\t\t<div class=\"e-con-inner\">\n\t\t\t\t<div class=\"elementor-element elementor-element-ca7e3ce elementor-widget elementor-widget-text-editor\" data-id=\"ca7e3ce\" data-element_type=\"widget\" data-e-type=\"widget\" data-widget_type=\"text-editor.default\">\n\t\t\t\t<div class=\"elementor-widget-container\">\n\t\t\t\t\t\t\t\t\t<ul>\n<li><em>L&rsquo;acc\u00e8s aux noms propres : cognition &amp; m\u00e9moire\u00a0; <\/em>Claudette Pluchon, \u00c9ric Simonnet ; Isbergues (Pas-de-Calais) : Ortho \u00e9d. 2001<\/li>\n<li><em>Champs culturels &amp; automatismes verbaux : m\u00e9moire s\u00e9mantique\u00a0; <\/em>Claudette Pluchon, \u00c9ric Simonnet ; Isbergues (Pas-de-Calais) : Ortho \u00e9dition , 2004<\/li>\n<li><em>La vuln\u00e9rabilit\u00e9 au prisme du monde technologique, enjeux \u00e9thiques\u00a0; <\/em>sous la direction de Marie-Jo Thiel et Talitha Cooreman-Guittin\u00a0; collection Chemins d\u2019\u00e9thique\u00a0; Presses Universitaires de Strasbourg, 2020.<\/li>\n<li><em>Exp\u00e9riences de mort imminente\u00a0; par <\/em>Sylvie Cafardy\u00a0; humenSciences\u00a0; Paris, 2020.<\/li>\n<li><em>Pr\u00e9face \u00e9thique\u00a0; <\/em>Livre Blanc sur l\u2019indemnisation du dommage corporel\u00a0; LEH \u00e9dition, Bordeaux, 2020.<\/li>\n<li><em>Ceux qui partent et ceux qui restent. Des accompagnants t\u00e9moignent. <\/em>Anne-Marie-Massonnet, ed ; JALMAV-Poitiers ; 2022.<\/li>\n<li><em>Le bal des \u00e9clop\u00e9s. Po\u00e8mes\u00a0; <\/em>Fran\u00e7oise Kerleau, Les carnets de Soaz\u00a0; 2022.<\/li>\n<\/ul>\t\t\t\t\t\t\t\t<\/div>\n\t\t\t\t<\/div>\n\t\t\t\t\t<\/div>\n\t\t\t\t<\/div>\n\t\t\t\t<\/div>\n\t\t","protected":false},"excerpt":{"rendered":"<p>Ouvrages Vieillissement et Alzheimer. Comprendre pour accompagner. l\u2019Harmattan, Paris, (2012). Neurologie pour le praticien. Simep, Paris (1989). R\u00e9\u00e9ducation des troubles de l\u2019\u00e9quilibre (avec R. Gouarn\u00e9, C. Kremer-M\u00e9r\u00e8re, P. Morizio), Frison-Roche, Paris (1991) Neuropsychologie. Collection des Abr\u00e9g\u00e9s de m\u00e9decine.\u00a0 Masson-Elsevier, Paris (1996, 2000, 2003, 2006, 2010, 2014, 2018).\u00a0 \u00a0 \u00a0 \u00a0Pour en savoir plus, cliquer sur&hellip; <span class=\"kuorinka-read-more\"><a href=\"https:\/\/roger-gil.fr\/?page_id=652\" class=\"more-link\">Lire la suite <span class=\"screen-reader-text\">Ouvrages<\/span><\/a><\/span><\/p>\n","protected":false},"author":3,"featured_media":0,"parent":0,"menu_order":0,"comment_status":"closed","ping_status":"closed","template":"","meta":{"_crdt_document":"","footnotes":""},"class_list":{"0":"post-652","1":"page","2":"type-page","3":"status-publish","5":"entry"},"yoast_head":"<!-- This site is optimized with the Yoast SEO plugin v25.9 - https:\/\/yoast.com\/wordpress\/plugins\/seo\/ -->\n<title>Ouvrages - Neuropsychologie, Bio\u00e9thique, Spiritualit\u00e9<\/title>\n<meta name=\"robots\" content=\"index, follow, max-snippet:-1, max-image-preview:large, max-video-preview:-1\" \/>\n<link rel=\"canonical\" href=\"https:\/\/roger-gil.fr\/?page_id=652\" \/>\n<meta property=\"og:locale\" content=\"fr_FR\" \/>\n<meta property=\"og:type\" content=\"article\" \/>\n<meta property=\"og:title\" content=\"Ouvrages - Neuropsychologie, Bio\u00e9thique, Spiritualit\u00e9\" \/>\n<meta property=\"og:description\" content=\"Ouvrages Vieillissement et Alzheimer. Comprendre pour accompagner. l\u2019Harmattan, Paris, (2012). Neurologie pour le praticien. Simep, Paris (1989). R\u00e9\u00e9ducation des troubles de l\u2019\u00e9quilibre (avec R. Gouarn\u00e9, C. Kremer-M\u00e9r\u00e8re, P. Morizio), Frison-Roche, Paris (1991) Neuropsychologie. Collection des Abr\u00e9g\u00e9s de m\u00e9decine.\u00a0 Masson-Elsevier, Paris (1996, 2000, 2003, 2006, 2010, 2014, 2018).\u00a0 \u00a0 \u00a0 \u00a0Pour en savoir plus, cliquer sur&hellip; Lire la suite Ouvrages\" \/>\n<meta property=\"og:url\" content=\"https:\/\/roger-gil.fr\/?page_id=652\" \/>\n<meta property=\"og:site_name\" content=\"Neuropsychologie, Bio\u00e9thique, Spiritualit\u00e9\" \/>\n<meta property=\"article:modified_time\" content=\"2024-12-18T21:15:31+00:00\" \/>\n<meta name=\"twitter:card\" content=\"summary_large_image\" \/>\n<meta name=\"twitter:label1\" content=\"Dur\u00e9e de lecture estim\u00e9e\" \/>\n\t<meta name=\"twitter:data1\" content=\"5 minutes\" \/>\n<script type=\"application\/ld+json\" class=\"yoast-schema-graph\">{\"@context\":\"https:\/\/schema.org\",\"@graph\":[{\"@type\":\"WebPage\",\"@id\":\"https:\/\/roger-gil.fr\/?page_id=652\",\"url\":\"https:\/\/roger-gil.fr\/?page_id=652\",\"name\":\"Ouvrages - Neuropsychologie, Bio\u00e9thique, Spiritualit\u00e9\",\"isPartOf\":{\"@id\":\"https:\/\/roger-gil.fr\/#website\"},\"datePublished\":\"2024-06-14T17:40:28+00:00\",\"dateModified\":\"2024-12-18T21:15:31+00:00\",\"breadcrumb\":{\"@id\":\"https:\/\/roger-gil.fr\/?page_id=652#breadcrumb\"},\"inLanguage\":\"fr-FR\",\"potentialAction\":[{\"@type\":\"ReadAction\",\"target\":[\"https:\/\/roger-gil.fr\/?page_id=652\"]}]},{\"@type\":\"BreadcrumbList\",\"@id\":\"https:\/\/roger-gil.fr\/?page_id=652#breadcrumb\",\"itemListElement\":[{\"@type\":\"ListItem\",\"position\":1,\"name\":\"Accueil\",\"item\":\"https:\/\/roger-gil.fr\/\"},{\"@type\":\"ListItem\",\"position\":2,\"name\":\"Ouvrages\"}]},{\"@type\":\"WebSite\",\"@id\":\"https:\/\/roger-gil.fr\/#website\",\"url\":\"https:\/\/roger-gil.fr\/\",\"name\":\"Neuropsychologie, Bio\u00e9thique, Spiritualit\u00e9\",\"description\":\"Roger Gil : Professeur \u00e9m\u00e9rite de neurologie, doyen honoraire de la Facult\u00e9 de m\u00e9decine pharmacie de l&#039;Universit\u00e9 de Poitiers\",\"publisher\":{\"@id\":\"https:\/\/roger-gil.fr\/#\/schema\/person\/ec69375883cbc8e97a44857780352afb\"},\"potentialAction\":[{\"@type\":\"SearchAction\",\"target\":{\"@type\":\"EntryPoint\",\"urlTemplate\":\"https:\/\/roger-gil.fr\/?s={search_term_string}\"},\"query-input\":{\"@type\":\"PropertyValueSpecification\",\"valueRequired\":true,\"valueName\":\"search_term_string\"}}],\"inLanguage\":\"fr-FR\"},{\"@type\":[\"Person\",\"Organization\"],\"@id\":\"https:\/\/roger-gil.fr\/#\/schema\/person\/ec69375883cbc8e97a44857780352afb\",\"name\":\"Roger Gil\",\"image\":{\"@type\":\"ImageObject\",\"inLanguage\":\"fr-FR\",\"@id\":\"https:\/\/roger-gil.fr\/#\/schema\/person\/image\/\",\"url\":\"https:\/\/roger-gil.fr\/wp-content\/uploads\/2025\/08\/ROGER-GIL.webp\",\"contentUrl\":\"https:\/\/roger-gil.fr\/wp-content\/uploads\/2025\/08\/ROGER-GIL.webp\",\"width\":1024,\"height\":1254,\"caption\":\"Roger Gil\"},\"logo\":{\"@id\":\"https:\/\/roger-gil.fr\/#\/schema\/person\/image\/\"}}]}<\/script>\n<!-- \/ Yoast SEO plugin. -->","yoast_head_json":{"title":"Ouvrages - Neuropsychologie, Bio\u00e9thique, Spiritualit\u00e9","robots":{"index":"index","follow":"follow","max-snippet":"max-snippet:-1","max-image-preview":"max-image-preview:large","max-video-preview":"max-video-preview:-1"},"canonical":"https:\/\/roger-gil.fr\/?page_id=652","og_locale":"fr_FR","og_type":"article","og_title":"Ouvrages - Neuropsychologie, Bio\u00e9thique, Spiritualit\u00e9","og_description":"Ouvrages Vieillissement et Alzheimer. Comprendre pour accompagner. l\u2019Harmattan, Paris, (2012). Neurologie pour le praticien. Simep, Paris (1989). R\u00e9\u00e9ducation des troubles de l\u2019\u00e9quilibre (avec R. Gouarn\u00e9, C. Kremer-M\u00e9r\u00e8re, P. Morizio), Frison-Roche, Paris (1991) Neuropsychologie. Collection des Abr\u00e9g\u00e9s de m\u00e9decine.\u00a0 Masson-Elsevier, Paris (1996, 2000, 2003, 2006, 2010, 2014, 2018).\u00a0 \u00a0 \u00a0 \u00a0Pour en savoir plus, cliquer sur&hellip; Lire la suite Ouvrages","og_url":"https:\/\/roger-gil.fr\/?page_id=652","og_site_name":"Neuropsychologie, Bio\u00e9thique, Spiritualit\u00e9","article_modified_time":"2024-12-18T21:15:31+00:00","twitter_card":"summary_large_image","twitter_misc":{"Dur\u00e9e de lecture estim\u00e9e":"5 minutes"},"schema":{"@context":"https:\/\/schema.org","@graph":[{"@type":"WebPage","@id":"https:\/\/roger-gil.fr\/?page_id=652","url":"https:\/\/roger-gil.fr\/?page_id=652","name":"Ouvrages - Neuropsychologie, Bio\u00e9thique, Spiritualit\u00e9","isPartOf":{"@id":"https:\/\/roger-gil.fr\/#website"},"datePublished":"2024-06-14T17:40:28+00:00","dateModified":"2024-12-18T21:15:31+00:00","breadcrumb":{"@id":"https:\/\/roger-gil.fr\/?page_id=652#breadcrumb"},"inLanguage":"fr-FR","potentialAction":[{"@type":"ReadAction","target":["https:\/\/roger-gil.fr\/?page_id=652"]}]},{"@type":"BreadcrumbList","@id":"https:\/\/roger-gil.fr\/?page_id=652#breadcrumb","itemListElement":[{"@type":"ListItem","position":1,"name":"Accueil","item":"https:\/\/roger-gil.fr\/"},{"@type":"ListItem","position":2,"name":"Ouvrages"}]},{"@type":"WebSite","@id":"https:\/\/roger-gil.fr\/#website","url":"https:\/\/roger-gil.fr\/","name":"Neuropsychologie, Bio\u00e9thique, Spiritualit\u00e9","description":"Roger Gil : Professeur \u00e9m\u00e9rite de neurologie, doyen honoraire de la Facult\u00e9 de m\u00e9decine pharmacie de l&#039;Universit\u00e9 de Poitiers","publisher":{"@id":"https:\/\/roger-gil.fr\/#\/schema\/person\/ec69375883cbc8e97a44857780352afb"},"potentialAction":[{"@type":"SearchAction","target":{"@type":"EntryPoint","urlTemplate":"https:\/\/roger-gil.fr\/?s={search_term_string}"},"query-input":{"@type":"PropertyValueSpecification","valueRequired":true,"valueName":"search_term_string"}}],"inLanguage":"fr-FR"},{"@type":["Person","Organization"],"@id":"https:\/\/roger-gil.fr\/#\/schema\/person\/ec69375883cbc8e97a44857780352afb","name":"Roger Gil","image":{"@type":"ImageObject","inLanguage":"fr-FR","@id":"https:\/\/roger-gil.fr\/#\/schema\/person\/image\/","url":"https:\/\/roger-gil.fr\/wp-content\/uploads\/2025\/08\/ROGER-GIL.webp","contentUrl":"https:\/\/roger-gil.fr\/wp-content\/uploads\/2025\/08\/ROGER-GIL.webp","width":1024,"height":1254,"caption":"Roger Gil"},"logo":{"@id":"https:\/\/roger-gil.fr\/#\/schema\/person\/image\/"}}]}},"_links":{"self":[{"href":"https:\/\/roger-gil.fr\/index.php?rest_route=\/wp\/v2\/pages\/652","targetHints":{"allow":["GET"]}}],"collection":[{"href":"https:\/\/roger-gil.fr\/index.php?rest_route=\/wp\/v2\/pages"}],"about":[{"href":"https:\/\/roger-gil.fr\/index.php?rest_route=\/wp\/v2\/types\/page"}],"author":[{"embeddable":true,"href":"https:\/\/roger-gil.fr\/index.php?rest_route=\/wp\/v2\/users\/3"}],"replies":[{"embeddable":true,"href":"https:\/\/roger-gil.fr\/index.php?rest_route=%2Fwp%2Fv2%2Fcomments&post=652"}],"version-history":[{"count":41,"href":"https:\/\/roger-gil.fr\/index.php?rest_route=\/wp\/v2\/pages\/652\/revisions"}],"predecessor-version":[{"id":1524,"href":"https:\/\/roger-gil.fr\/index.php?rest_route=\/wp\/v2\/pages\/652\/revisions\/1524"}],"wp:attachment":[{"href":"https:\/\/roger-gil.fr\/index.php?rest_route=%2Fwp%2Fv2%2Fmedia&parent=652"}],"curies":[{"name":"wp","href":"https:\/\/api.w.org\/{rel}","templated":true}]}}